{"id":11020,"date":"2026-04-22T18:51:58","date_gmt":"2026-04-22T18:51:58","guid":{"rendered":"https:\/\/www.computerpackages.com\/?post_type=mec-events&#038;p=11020"},"modified":"2026-04-29T15:49:27","modified_gmt":"2026-04-29T15:49:27","slug":"forum-fur-geistiges-eigentum-2026","status":"publish","type":"mec-events","link":"https:\/\/www.computerpackages.com\/de\/cpi-events\/intellectual-property-forum-2026\/","title":{"rendered":"10. Europ\u00e4isches Forum f\u00fcr geistiges Eigentum"},"content":{"rendered":"<p>Computer Packages Inc. (CPI) freut sich, am Intellectual Property Forum 2026 teilzunehmen, einer exklusiven, nur auf Einladung zug\u00e4nglichen Veranstaltung, die \u00fcber 100 Fachleute, Experten und Branchenf\u00fchrer aus aller Welt im Bereich des geistigen Eigentums zusammenbringt. Dieses erstklassige zweit\u00e4gige Treffen konzentriert sich auf die Neudefinition von Exzellenz im gesamten Lebenszyklus des geistigen Eigentums, von der Entwicklung und dem Schutz bis zur Durchsetzung und Monetarisierung.<\/p>\n<p>Das Forum bietet eine einzigartige Gelegenheit, sich an sinnvollen Diskussionen \u00fcber die dr\u00e4ngendsten IP-Herausforderungen und aufkommenden Trends von heute zu beteiligen. Die Teilnehmer werden wichtige Themen wie die Bew\u00e4ltigung internationaler IP-Streitigkeiten, die sich entwickelnde Rolle professioneller Patentrecherchen und die Art und Weise, wie die Digitalisierung das Management und die Nutzung von IP ver\u00e4ndert, beleuchten.<\/p>\n<p>Mit \u00fcber 20 Fachvortr\u00e4gen und mehr als 50 Einzelgespr\u00e4chen zielt die Veranstaltung darauf ab, Zusammenarbeit, Wissensaustausch und strategisches Denken zu f\u00f6rdern. Die Teilnehmer erhalten die M\u00f6glichkeit, sich mit globalen Experten, Entscheidungstr\u00e4gern und Innovatoren aus verschiedenen Branchen zu vernetzen und schaffen so wertvolle Gelegenheiten f\u00fcr Networking und Partnerschaften.<\/p>\n<p>Das Intellectual Property Forum 2026 bietet zudem eine ma\u00dfgeschneiderte Agenda, die es den Teilnehmern erm\u00f6glicht, die f\u00fcr ihre Priorit\u00e4ten relevantesten Sitzungen auszuw\u00e4hlen und gleichzeitig von der direkten Interaktion mit erfahrenen Referenten und Mentoren zu profitieren.<\/p>\n<p>Wir freuen uns darauf, uns mit Kollegen zu vernetzen, Erkenntnisse auszutauschen und zu Gespr\u00e4chen beizutragen, die die Zukunft des geistigen Eigentums gestalten. Wenn Sie teilnehmen, begr\u00fc\u00dfen wir die Gelegenheit, uns zu treffen und zu diskutieren, wie Organisationen ihre IP-Strategien durch intelligentere Systeme, bessere Daten und vernetztere Arbeitsabl\u00e4ufe st\u00e4rken. Kontaktieren Sie uns, um einen Termin mit unserem Team w\u00e4hrend der Veranstaltung zu vereinbaren, oder nehmen Sie danach Kontakt auf, um das Gespr\u00e4ch fortzusetzen und gemeinsam M\u00f6glichkeiten zu erkunden.<\/p>","protected":false},"excerpt":{"rendered":"<p>CPI wird am Intellectual Property Forum 2026 teilnehmen, einem exklusiven Treffen globaler IP-F\u00fchrungskr\u00e4fte mit Fokus auf Innovation, Strategie und dem gesamten Lebenszyklus des geistigen Eigentums.<\/p>","protected":false},"author":2,"featured_media":10112,"comment_status":"closed","ping_status":"closed","template":"","tags":[],"mec_category":[44],"class_list":["post-11020","mec-events","type-mec-events","status-publish","has-post-thumbnail","hentry","mec_category-ip-conference"],"yoast_head":"<!-- This site is optimized with the Yoast SEO Premium plugin v27.5 (Yoast SEO v27.5) - https:\/\/yoast.com\/product\/yoast-seo-premium-wordpress\/ -->\r\n<title>10th European Intellectual Property Forum - Computer Packages Inc<\/title>\r\n<meta name=\"description\" content=\"CPI will attend the Intellectual Property Forum 2026, an exclusive event for IP leaders focused on strategy, innovation, and the full IP lifecycle.\" \/>\r\n<meta name=\"robots\" content=\"index, follow, max-snippet:-1, max-image-preview:large, max-video-preview:-1\" \/>\r\n<link rel=\"canonical\" href=\"https:\/\/www.computerpackages.com\/de\/cpi-ereignisse\/forum-fur-geistiges-eigentum-2026\/\" \/>\r\n<meta property=\"og:locale\" content=\"de_DE\" \/>\r\n<meta property=\"og:type\" content=\"article\" \/>\r\n<meta property=\"og:title\" content=\"10th European Intellectual Property Forum\" \/>\r\n<meta property=\"og:description\" content=\"CPI will attend the Intellectual Property Forum 2026, an exclusive event for IP leaders focused on strategy, innovation, and the full IP lifecycle.\" \/>\r\n<meta property=\"og:url\" content=\"https:\/\/www.computerpackages.com\/de\/cpi-ereignisse\/forum-fur-geistiges-eigentum-2026\/\" \/>\r\n<meta property=\"og:site_name\" content=\"Computer Packages Inc\" \/>\r\n<meta property=\"article:publisher\" content=\"https:\/\/www.facebook.com\/ComputerPackagesInc\" \/>\r\n<meta property=\"article:modified_time\" content=\"2026-04-29T15:49:27+00:00\" \/>\r\n<meta property=\"og:image\" content=\"https:\/\/www.computerpackages.com\/wp-content\/uploads\/2026\/03\/Grand-Place-Brussels.webp\" \/>\r\n\t<meta property=\"og:image:width\" content=\"740\" \/>\r\n\t<meta property=\"og:image:height\" content=\"576\" \/>\r\n\t<meta property=\"og:image:type\" content=\"image\/webp\" \/>\r\n<meta name=\"twitter:card\" content=\"summary_large_image\" \/>\r\n<meta name=\"twitter:site\" content=\"@CPI_1968\" \/>\r\n<meta name=\"twitter:label1\" content=\"Gesch\u00e4tzte Lesezeit\" \/>\n\t<meta name=\"twitter:data1\" content=\"2\u00a0Minuten\" \/>\r\n<script type=\"application\/ld+json\" class=\"yoast-schema-graph\">{\"@context\":\"https:\\\/\\\/schema.org\",\"@graph\":[{\"@type\":\"WebPage\",\"@id\":\"https:\\\/\\\/www.computerpackages.com\\\/cpi-events\\\/intellectual-property-forum-2026\\\/\",\"url\":\"https:\\\/\\\/www.computerpackages.com\\\/cpi-events\\\/intellectual-property-forum-2026\\\/\",\"name\":\"10th European Intellectual Property Forum - Computer Packages Inc\",\"isPartOf\":{\"@id\":\"https:\\\/\\\/www.computerpackages.com\\\/#website\"},\"primaryImageOfPage\":{\"@id\":\"https:\\\/\\\/www.computerpackages.com\\\/cpi-events\\\/intellectual-property-forum-2026\\\/#primaryimage\"},\"image\":{\"@id\":\"https:\\\/\\\/www.computerpackages.com\\\/cpi-events\\\/intellectual-property-forum-2026\\\/#primaryimage\"},\"thumbnailUrl\":\"https:\\\/\\\/www.computerpackages.com\\\/wp-content\\\/uploads\\\/2026\\\/03\\\/Grand-Place-Brussels.webp\",\"datePublished\":\"2026-04-22T18:51:58+00:00\",\"dateModified\":\"2026-04-29T15:49:27+00:00\",\"description\":\"CPI will attend the Intellectual Property Forum 2026, an exclusive event for IP leaders focused on strategy, innovation, and the full IP lifecycle.\",\"breadcrumb\":{\"@id\":\"https:\\\/\\\/www.computerpackages.com\\\/cpi-events\\\/intellectual-property-forum-2026\\\/#breadcrumb\"},\"inLanguage\":\"de\",\"potentialAction\":[{\"@type\":\"ReadAction\",\"target\":[\"https:\\\/\\\/www.computerpackages.com\\\/cpi-events\\\/intellectual-property-forum-2026\\\/\"]}]},{\"@type\":\"ImageObject\",\"inLanguage\":\"de\",\"@id\":\"https:\\\/\\\/www.computerpackages.com\\\/cpi-events\\\/intellectual-property-forum-2026\\\/#primaryimage\",\"url\":\"https:\\\/\\\/www.computerpackages.com\\\/wp-content\\\/uploads\\\/2026\\\/03\\\/Grand-Place-Brussels.webp\",\"contentUrl\":\"https:\\\/\\\/www.computerpackages.com\\\/wp-content\\\/uploads\\\/2026\\\/03\\\/Grand-Place-Brussels.webp\",\"width\":740,\"height\":576},{\"@type\":\"BreadcrumbList\",\"@id\":\"https:\\\/\\\/www.computerpackages.com\\\/cpi-events\\\/intellectual-property-forum-2026\\\/#breadcrumb\",\"itemListElement\":[{\"@type\":\"ListItem\",\"position\":1,\"name\":\"Home\",\"item\":\"https:\\\/\\\/www.computerpackages.com\\\/\"},{\"@type\":\"ListItem\",\"position\":2,\"name\":\"Events\",\"item\":\"https:\\\/\\\/www.computerpackages.com\\\/cpi-events\\\/\"},{\"@type\":\"ListItem\",\"position\":3,\"name\":\"10th European Intellectual Property Forum\"}]},{\"@type\":\"WebSite\",\"@id\":\"https:\\\/\\\/www.computerpackages.com\\\/#website\",\"url\":\"https:\\\/\\\/www.computerpackages.com\\\/\",\"name\":\"Computer Packages Inc.\",\"description\":\"Serving the Intellectual Property industry since 1968\",\"publisher\":{\"@id\":\"https:\\\/\\\/www.computerpackages.com\\\/#organization\"},\"potentialAction\":[{\"@type\":\"SearchAction\",\"target\":{\"@type\":\"EntryPoint\",\"urlTemplate\":\"https:\\\/\\\/www.computerpackages.com\\\/?s={search_term_string}\"},\"query-input\":{\"@type\":\"PropertyValueSpecification\",\"valueRequired\":true,\"valueName\":\"search_term_string\"}}],\"inLanguage\":\"de\"},{\"@type\":\"Organization\",\"@id\":\"https:\\\/\\\/www.computerpackages.com\\\/#organization\",\"name\":\"Computer Packages Inc.\",\"url\":\"https:\\\/\\\/www.computerpackages.com\\\/\",\"logo\":{\"@type\":\"ImageObject\",\"inLanguage\":\"de\",\"@id\":\"https:\\\/\\\/www.computerpackages.com\\\/#\\\/schema\\\/logo\\\/image\\\/\",\"url\":\"https:\\\/\\\/www.computerpackages.com\\\/wp-content\\\/uploads\\\/2025\\\/07\\\/CPI-Logo-Full-Color-Stacked-scaled-1.png\",\"contentUrl\":\"https:\\\/\\\/www.computerpackages.com\\\/wp-content\\\/uploads\\\/2025\\\/07\\\/CPI-Logo-Full-Color-Stacked-scaled-1.png\",\"width\":1536,\"height\":512,\"caption\":\"Computer Packages Inc.\"},\"image\":{\"@id\":\"https:\\\/\\\/www.computerpackages.com\\\/#\\\/schema\\\/logo\\\/image\\\/\"},\"sameAs\":[\"https:\\\/\\\/www.facebook.com\\\/ComputerPackagesInc\",\"https:\\\/\\\/x.com\\\/CPI_1968\",\"https:\\\/\\\/www.instagram.com\\\/computerpackagesinc\",\"https:\\\/\\\/www.youtube.com\\\/@ComputerPackagesInc\u00a0\",\"https:\\\/\\\/www.linkedin.com\\\/company\\\/computer-packages-inc\"]}]}<\/script>\r\n<!-- \/ Yoast SEO Premium plugin. -->","yoast_head_json":{"title":"10. Europ\u00e4isches Forum f\u00fcr Geistiges Eigentum - Computer Packages Inc","description":"CPI wird am Intellectual Property Forum 2026 teilnehmen, einer exklusiven Veranstaltung f\u00fcr IP-F\u00fchrungskr\u00e4fte, die sich auf Strategie, Innovation und den gesamten IP-Lebenszyklus konzentriert.","robots":{"index":"index","follow":"follow","max-snippet":"max-snippet:-1","max-image-preview":"max-image-preview:large","max-video-preview":"max-video-preview:-1"},"canonical":"https:\/\/www.computerpackages.com\/de\/cpi-ereignisse\/forum-fur-geistiges-eigentum-2026\/","og_locale":"de_DE","og_type":"article","og_title":"10th European Intellectual Property Forum","og_description":"CPI will attend the Intellectual Property Forum 2026, an exclusive event for IP leaders focused on strategy, innovation, and the full IP lifecycle.","og_url":"https:\/\/www.computerpackages.com\/de\/cpi-ereignisse\/forum-fur-geistiges-eigentum-2026\/","og_site_name":"Computer Packages Inc","article_publisher":"https:\/\/www.facebook.com\/ComputerPackagesInc","article_modified_time":"2026-04-29T15:49:27+00:00","og_image":[{"width":740,"height":576,"url":"https:\/\/www.computerpackages.com\/wp-content\/uploads\/2026\/03\/Grand-Place-Brussels.webp","type":"image\/webp"}],"twitter_card":"summary_large_image","twitter_site":"@CPI_1968","twitter_misc":{"Gesch\u00e4tzte Lesezeit":"2\u00a0Minuten"},"schema":{"@context":"https:\/\/schema.org","@graph":[{"@type":"WebPage","@id":"https:\/\/www.computerpackages.com\/cpi-events\/intellectual-property-forum-2026\/","url":"https:\/\/www.computerpackages.com\/cpi-events\/intellectual-property-forum-2026\/","name":"10. Europ\u00e4isches Forum f\u00fcr Geistiges Eigentum - Computer Packages Inc","isPartOf":{"@id":"https:\/\/www.computerpackages.com\/#website"},"primaryImageOfPage":{"@id":"https:\/\/www.computerpackages.com\/cpi-events\/intellectual-property-forum-2026\/#primaryimage"},"image":{"@id":"https:\/\/www.computerpackages.com\/cpi-events\/intellectual-property-forum-2026\/#primaryimage"},"thumbnailUrl":"https:\/\/www.computerpackages.com\/wp-content\/uploads\/2026\/03\/Grand-Place-Brussels.webp","datePublished":"2026-04-22T18:51:58+00:00","dateModified":"2026-04-29T15:49:27+00:00","description":"CPI wird am Intellectual Property Forum 2026 teilnehmen, einer exklusiven Veranstaltung f\u00fcr IP-F\u00fchrungskr\u00e4fte, die sich auf Strategie, Innovation und den gesamten IP-Lebenszyklus konzentriert.","breadcrumb":{"@id":"https:\/\/www.computerpackages.com\/cpi-events\/intellectual-property-forum-2026\/#breadcrumb"},"inLanguage":"de","potentialAction":[{"@type":"ReadAction","target":["https:\/\/www.computerpackages.com\/cpi-events\/intellectual-property-forum-2026\/"]}]},{"@type":"ImageObject","inLanguage":"de","@id":"https:\/\/www.computerpackages.com\/cpi-events\/intellectual-property-forum-2026\/#primaryimage","url":"https:\/\/www.computerpackages.com\/wp-content\/uploads\/2026\/03\/Grand-Place-Brussels.webp","contentUrl":"https:\/\/www.computerpackages.com\/wp-content\/uploads\/2026\/03\/Grand-Place-Brussels.webp","width":740,"height":576},{"@type":"BreadcrumbList","@id":"https:\/\/www.computerpackages.com\/cpi-events\/intellectual-property-forum-2026\/#breadcrumb","itemListElement":[{"@type":"ListItem","position":1,"name":"Home","item":"https:\/\/www.computerpackages.com\/"},{"@type":"ListItem","position":2,"name":"Events","item":"https:\/\/www.computerpackages.com\/cpi-events\/"},{"@type":"ListItem","position":3,"name":"10th European Intellectual Property Forum"}]},{"@type":"WebSite","@id":"https:\/\/www.computerpackages.com\/#website","url":"https:\/\/www.computerpackages.com\/","name":"Computer Packages Inc.","description":"Seit 1968 im Dienste der Industrie f\u00fcr geistiges Eigentum","publisher":{"@id":"https:\/\/www.computerpackages.com\/#organization"},"potentialAction":[{"@type":"SearchAction","target":{"@type":"EntryPoint","urlTemplate":"https:\/\/www.computerpackages.com\/?s={search_term_string}"},"query-input":{"@type":"PropertyValueSpecification","valueRequired":true,"valueName":"search_term_string"}}],"inLanguage":"de"},{"@type":"Organization","@id":"https:\/\/www.computerpackages.com\/#organization","name":"Computer Packages Inc.","url":"https:\/\/www.computerpackages.com\/","logo":{"@type":"ImageObject","inLanguage":"de","@id":"https:\/\/www.computerpackages.com\/#\/schema\/logo\/image\/","url":"https:\/\/www.computerpackages.com\/wp-content\/uploads\/2025\/07\/CPI-Logo-Full-Color-Stacked-scaled-1.png","contentUrl":"https:\/\/www.computerpackages.com\/wp-content\/uploads\/2025\/07\/CPI-Logo-Full-Color-Stacked-scaled-1.png","width":1536,"height":512,"caption":"Computer Packages Inc."},"image":{"@id":"https:\/\/www.computerpackages.com\/#\/schema\/logo\/image\/"},"sameAs":["https:\/\/www.facebook.com\/ComputerPackagesInc","https:\/\/x.com\/CPI_1968","https:\/\/www.instagram.com\/computerpackagesinc","https:\/\/www.youtube.com\/@ComputerPackagesInc\u00a0","https:\/\/www.linkedin.com\/company\/computer-packages-inc"]}]}},"_links":{"self":[{"href":"https:\/\/www.computerpackages.com\/de\/wp-json\/wp\/v2\/mec-events\/11020","targetHints":{"allow":["GET"]}}],"collection":[{"href":"https:\/\/www.computerpackages.com\/de\/wp-json\/wp\/v2\/mec-events"}],"about":[{"href":"https:\/\/www.computerpackages.com\/de\/wp-json\/wp\/v2\/types\/mec-events"}],"author":[{"embeddable":true,"href":"https:\/\/www.computerpackages.com\/de\/wp-json\/wp\/v2\/users\/2"}],"replies":[{"embeddable":true,"href":"https:\/\/www.computerpackages.com\/de\/wp-json\/wp\/v2\/comments?post=11020"}],"version-history":[{"count":2,"href":"https:\/\/www.computerpackages.com\/de\/wp-json\/wp\/v2\/mec-events\/11020\/revisions"}],"predecessor-version":[{"id":11057,"href":"https:\/\/www.computerpackages.com\/de\/wp-json\/wp\/v2\/mec-events\/11020\/revisions\/11057"}],"wp:featuredmedia":[{"embeddable":true,"href":"https:\/\/www.computerpackages.com\/de\/wp-json\/wp\/v2\/media\/10112"}],"wp:attachment":[{"href":"https:\/\/www.computerpackages.com\/de\/wp-json\/wp\/v2\/media?parent=11020"}],"wp:term":[{"taxonomy":"post_tag","embeddable":true,"href":"https:\/\/www.computerpackages.com\/de\/wp-json\/wp\/v2\/tags?post=11020"},{"taxonomy":"mec_category","embeddable":true,"href":"https:\/\/www.computerpackages.com\/de\/wp-json\/wp\/v2\/mec_category?post=11020"}],"curies":[{"name":"wp","href":"https:\/\/api.w.org\/{rel}","templated":true}]}}