{"id":11020,"date":"2026-04-22T18:51:58","date_gmt":"2026-04-22T18:51:58","guid":{"rendered":"https:\/\/www.computerpackages.com\/?post_type=mec-events&#038;p=11020"},"modified":"2026-04-29T15:49:27","modified_gmt":"2026-04-29T15:49:27","slug":"forum-de-la-propriete-intellectuelle-2026","status":"publish","type":"mec-events","link":"https:\/\/www.computerpackages.com\/fr\/cpi-events\/intellectual-property-forum-2026\/","title":{"rendered":"10\u00e8me Forum Europ\u00e9en de la Propri\u00e9t\u00e9 Intellectuelle"},"content":{"rendered":"<p>Computer Packages Inc. (CPI) est ravi de participer \u00e0 l'Intellectual Property Forum 2026, un \u00e9v\u00e9nement exclusif sur invitation qui r\u00e9unira plus de 100 professionnels, experts et leaders de l'industrie de la propri\u00e9t\u00e9 intellectuelle venus du monde entier. Ce rassemblement de premier plan, qui durera deux jours, se concentrera sur la red\u00e9finition de l'excellence tout au long du cycle de vie complet de la propri\u00e9t\u00e9 intellectuelle, du d\u00e9veloppement et de la protection \u00e0 l'application et \u00e0 la mon\u00e9tisation.<\/p>\n<p>Le forum offre une opportunit\u00e9 unique d'engager des conversations significatives autour des d\u00e9fis les plus urgents en mati\u00e8re de propri\u00e9t\u00e9 intellectuelle et des tendances \u00e9mergentes aujourd'hui. Les participants exploreront des sujets cl\u00e9s tels que la gestion des litiges internationaux en mati\u00e8re de propri\u00e9t\u00e9 intellectuelle, le r\u00f4le \u00e9volutif de la recherche professionnelle de brevets, et la mani\u00e8re dont la num\u00e9risation transforme la gestion et l'exploitation de la propri\u00e9t\u00e9 intellectuelle.<\/p>\n<p>Avec plus de 20 pr\u00e9sentations professionnelles et plus de 50 rencontres individuelles, l'\u00e9v\u00e9nement est con\u00e7u pour favoriser la collaboration, le partage des connaissances et la pens\u00e9e strat\u00e9gique. Les participants auront l'occasion de se connecter avec des experts mondiaux, des d\u00e9cideurs et des innovateurs de tous les secteurs, cr\u00e9ant ainsi de pr\u00e9cieuses opportunit\u00e9s de r\u00e9seautage et de partenariat.<\/p>\n<p>Le Forum sur la propri\u00e9t\u00e9 intellectuelle 2026 propose \u00e9galement un programme sur mesure, permettant aux participants de s\u00e9lectionner les sessions les plus pertinentes pour leurs priorit\u00e9s, tout en b\u00e9n\u00e9ficiant d'interactions directes avec des intervenants et des mentors exp\u00e9riment\u00e9s.<\/p>\n<p>Nous sommes impatients d'\u00e9changer avec nos pairs, de partager nos id\u00e9es et de contribuer aux discussions qui fa\u00e7onnent l'avenir de la propri\u00e9t\u00e9 intellectuelle. Si vous participez, nous serons heureux de vous rencontrer pour discuter de la mani\u00e8re dont les organisations renforcent leurs strat\u00e9gies en mati\u00e8re de propri\u00e9t\u00e9 intellectuelle gr\u00e2ce \u00e0 des syst\u00e8mes plus intelligents, \u00e0 de meilleures donn\u00e9es et \u00e0 des flux de travail plus connect\u00e9s. Contactez-nous pour planifier une rencontre avec notre \u00e9quipe pendant l'\u00e9v\u00e9nement ou pour poursuivre la conversation apr\u00e8s, afin d'explorer ensemble de nouvelles opportunit\u00e9s.<\/p>","protected":false},"excerpt":{"rendered":"<p>La CPI participera au Forum sur la propri\u00e9t\u00e9 intellectuelle 2026, un rassemblement exclusif de leaders mondiaux de la propri\u00e9t\u00e9 intellectuelle ax\u00e9 sur l'innovation, la strat\u00e9gie et le cycle de vie complet de la propri\u00e9t\u00e9 intellectuelle.<\/p>","protected":false},"author":2,"featured_media":10112,"comment_status":"closed","ping_status":"closed","template":"","tags":[],"mec_category":[44],"class_list":["post-11020","mec-events","type-mec-events","status-publish","has-post-thumbnail","hentry","mec_category-ip-conference"],"yoast_head":"<!-- This site is optimized with the Yoast SEO Premium plugin v27.5 (Yoast SEO v27.5) - https:\/\/yoast.com\/product\/yoast-seo-premium-wordpress\/ -->\r\n<title>10th European Intellectual Property Forum - Computer Packages Inc<\/title>\r\n<meta name=\"description\" content=\"CPI will attend the Intellectual Property Forum 2026, an exclusive event for IP leaders focused on strategy, innovation, and the full IP lifecycle.\" \/>\r\n<meta name=\"robots\" content=\"index, follow, max-snippet:-1, max-image-preview:large, max-video-preview:-1\" \/>\r\n<link rel=\"canonical\" href=\"https:\/\/www.computerpackages.com\/fr\/evenements-cpi\/forum-de-la-propriete-intellectuelle-2026\/\" \/>\r\n<meta property=\"og:locale\" content=\"fr_FR\" \/>\r\n<meta property=\"og:type\" content=\"article\" \/>\r\n<meta property=\"og:title\" content=\"10th European Intellectual Property Forum\" \/>\r\n<meta property=\"og:description\" content=\"CPI will attend the Intellectual Property Forum 2026, an exclusive event for IP leaders focused on strategy, innovation, and the full IP lifecycle.\" \/>\r\n<meta property=\"og:url\" content=\"https:\/\/www.computerpackages.com\/fr\/evenements-cpi\/forum-de-la-propriete-intellectuelle-2026\/\" \/>\r\n<meta property=\"og:site_name\" content=\"Computer Packages Inc\" \/>\r\n<meta property=\"article:publisher\" content=\"https:\/\/www.facebook.com\/ComputerPackagesInc\" \/>\r\n<meta property=\"article:modified_time\" content=\"2026-04-29T15:49:27+00:00\" \/>\r\n<meta property=\"og:image\" content=\"https:\/\/www.computerpackages.com\/wp-content\/uploads\/2026\/03\/Grand-Place-Brussels.webp\" \/>\r\n\t<meta property=\"og:image:width\" content=\"740\" \/>\r\n\t<meta property=\"og:image:height\" content=\"576\" \/>\r\n\t<meta property=\"og:image:type\" content=\"image\/webp\" \/>\r\n<meta name=\"twitter:card\" content=\"summary_large_image\" \/>\r\n<meta name=\"twitter:site\" content=\"@CPI_1968\" \/>\r\n<meta name=\"twitter:label1\" content=\"Dur\u00e9e de lecture estim\u00e9e\" \/>\n\t<meta name=\"twitter:data1\" content=\"2 minutes\" \/>\r\n<script type=\"application\/ld+json\" class=\"yoast-schema-graph\">{\"@context\":\"https:\\\/\\\/schema.org\",\"@graph\":[{\"@type\":\"WebPage\",\"@id\":\"https:\\\/\\\/www.computerpackages.com\\\/cpi-events\\\/intellectual-property-forum-2026\\\/\",\"url\":\"https:\\\/\\\/www.computerpackages.com\\\/cpi-events\\\/intellectual-property-forum-2026\\\/\",\"name\":\"10th European Intellectual Property Forum - Computer Packages Inc\",\"isPartOf\":{\"@id\":\"https:\\\/\\\/www.computerpackages.com\\\/#website\"},\"primaryImageOfPage\":{\"@id\":\"https:\\\/\\\/www.computerpackages.com\\\/cpi-events\\\/intellectual-property-forum-2026\\\/#primaryimage\"},\"image\":{\"@id\":\"https:\\\/\\\/www.computerpackages.com\\\/cpi-events\\\/intellectual-property-forum-2026\\\/#primaryimage\"},\"thumbnailUrl\":\"https:\\\/\\\/www.computerpackages.com\\\/wp-content\\\/uploads\\\/2026\\\/03\\\/Grand-Place-Brussels.webp\",\"datePublished\":\"2026-04-22T18:51:58+00:00\",\"dateModified\":\"2026-04-29T15:49:27+00:00\",\"description\":\"CPI will attend the Intellectual Property Forum 2026, an exclusive event for IP leaders focused on strategy, innovation, and the full IP lifecycle.\",\"breadcrumb\":{\"@id\":\"https:\\\/\\\/www.computerpackages.com\\\/cpi-events\\\/intellectual-property-forum-2026\\\/#breadcrumb\"},\"inLanguage\":\"fr-FR\",\"potentialAction\":[{\"@type\":\"ReadAction\",\"target\":[\"https:\\\/\\\/www.computerpackages.com\\\/cpi-events\\\/intellectual-property-forum-2026\\\/\"]}]},{\"@type\":\"ImageObject\",\"inLanguage\":\"fr-FR\",\"@id\":\"https:\\\/\\\/www.computerpackages.com\\\/cpi-events\\\/intellectual-property-forum-2026\\\/#primaryimage\",\"url\":\"https:\\\/\\\/www.computerpackages.com\\\/wp-content\\\/uploads\\\/2026\\\/03\\\/Grand-Place-Brussels.webp\",\"contentUrl\":\"https:\\\/\\\/www.computerpackages.com\\\/wp-content\\\/uploads\\\/2026\\\/03\\\/Grand-Place-Brussels.webp\",\"width\":740,\"height\":576},{\"@type\":\"BreadcrumbList\",\"@id\":\"https:\\\/\\\/www.computerpackages.com\\\/cpi-events\\\/intellectual-property-forum-2026\\\/#breadcrumb\",\"itemListElement\":[{\"@type\":\"ListItem\",\"position\":1,\"name\":\"Home\",\"item\":\"https:\\\/\\\/www.computerpackages.com\\\/\"},{\"@type\":\"ListItem\",\"position\":2,\"name\":\"Events\",\"item\":\"https:\\\/\\\/www.computerpackages.com\\\/cpi-events\\\/\"},{\"@type\":\"ListItem\",\"position\":3,\"name\":\"10th European Intellectual Property Forum\"}]},{\"@type\":\"WebSite\",\"@id\":\"https:\\\/\\\/www.computerpackages.com\\\/#website\",\"url\":\"https:\\\/\\\/www.computerpackages.com\\\/\",\"name\":\"Computer Packages Inc.\",\"description\":\"Serving the Intellectual Property industry since 1968\",\"publisher\":{\"@id\":\"https:\\\/\\\/www.computerpackages.com\\\/#organization\"},\"potentialAction\":[{\"@type\":\"SearchAction\",\"target\":{\"@type\":\"EntryPoint\",\"urlTemplate\":\"https:\\\/\\\/www.computerpackages.com\\\/?s={search_term_string}\"},\"query-input\":{\"@type\":\"PropertyValueSpecification\",\"valueRequired\":true,\"valueName\":\"search_term_string\"}}],\"inLanguage\":\"fr-FR\"},{\"@type\":\"Organization\",\"@id\":\"https:\\\/\\\/www.computerpackages.com\\\/#organization\",\"name\":\"Computer Packages Inc.\",\"url\":\"https:\\\/\\\/www.computerpackages.com\\\/\",\"logo\":{\"@type\":\"ImageObject\",\"inLanguage\":\"fr-FR\",\"@id\":\"https:\\\/\\\/www.computerpackages.com\\\/#\\\/schema\\\/logo\\\/image\\\/\",\"url\":\"https:\\\/\\\/www.computerpackages.com\\\/wp-content\\\/uploads\\\/2025\\\/07\\\/CPI-Logo-Full-Color-Stacked-scaled-1.png\",\"contentUrl\":\"https:\\\/\\\/www.computerpackages.com\\\/wp-content\\\/uploads\\\/2025\\\/07\\\/CPI-Logo-Full-Color-Stacked-scaled-1.png\",\"width\":1536,\"height\":512,\"caption\":\"Computer Packages Inc.\"},\"image\":{\"@id\":\"https:\\\/\\\/www.computerpackages.com\\\/#\\\/schema\\\/logo\\\/image\\\/\"},\"sameAs\":[\"https:\\\/\\\/www.facebook.com\\\/ComputerPackagesInc\",\"https:\\\/\\\/x.com\\\/CPI_1968\",\"https:\\\/\\\/www.instagram.com\\\/computerpackagesinc\",\"https:\\\/\\\/www.youtube.com\\\/@ComputerPackagesInc\u00a0\",\"https:\\\/\\\/www.linkedin.com\\\/company\\\/computer-packages-inc\"]}]}<\/script>\r\n<!-- \/ Yoast SEO Premium plugin. -->","yoast_head_json":{"title":"10e Forum europ\u00e9en de la propri\u00e9t\u00e9 intellectuelle - Computer Packages Inc","description":"Le CPI participera au Forum sur la propri\u00e9t\u00e9 intellectuelle 2026, un \u00e9v\u00e9nement exclusif destin\u00e9 aux leaders de la PI ax\u00e9 sur la strat\u00e9gie, l'innovation et le cycle de vie complet de la PI.","robots":{"index":"index","follow":"follow","max-snippet":"max-snippet:-1","max-image-preview":"max-image-preview:large","max-video-preview":"max-video-preview:-1"},"canonical":"https:\/\/www.computerpackages.com\/fr\/evenements-cpi\/forum-de-la-propriete-intellectuelle-2026\/","og_locale":"fr_FR","og_type":"article","og_title":"10th European Intellectual Property Forum","og_description":"CPI will attend the Intellectual Property Forum 2026, an exclusive event for IP leaders focused on strategy, innovation, and the full IP lifecycle.","og_url":"https:\/\/www.computerpackages.com\/fr\/evenements-cpi\/forum-de-la-propriete-intellectuelle-2026\/","og_site_name":"Computer Packages Inc","article_publisher":"https:\/\/www.facebook.com\/ComputerPackagesInc","article_modified_time":"2026-04-29T15:49:27+00:00","og_image":[{"width":740,"height":576,"url":"https:\/\/www.computerpackages.com\/wp-content\/uploads\/2026\/03\/Grand-Place-Brussels.webp","type":"image\/webp"}],"twitter_card":"summary_large_image","twitter_site":"@CPI_1968","twitter_misc":{"Dur\u00e9e de lecture estim\u00e9e":"2 minutes"},"schema":{"@context":"https:\/\/schema.org","@graph":[{"@type":"WebPage","@id":"https:\/\/www.computerpackages.com\/cpi-events\/intellectual-property-forum-2026\/","url":"https:\/\/www.computerpackages.com\/cpi-events\/intellectual-property-forum-2026\/","name":"10e Forum europ\u00e9en de la propri\u00e9t\u00e9 intellectuelle - Computer Packages Inc","isPartOf":{"@id":"https:\/\/www.computerpackages.com\/#website"},"primaryImageOfPage":{"@id":"https:\/\/www.computerpackages.com\/cpi-events\/intellectual-property-forum-2026\/#primaryimage"},"image":{"@id":"https:\/\/www.computerpackages.com\/cpi-events\/intellectual-property-forum-2026\/#primaryimage"},"thumbnailUrl":"https:\/\/www.computerpackages.com\/wp-content\/uploads\/2026\/03\/Grand-Place-Brussels.webp","datePublished":"2026-04-22T18:51:58+00:00","dateModified":"2026-04-29T15:49:27+00:00","description":"Le CPI participera au Forum sur la propri\u00e9t\u00e9 intellectuelle 2026, un \u00e9v\u00e9nement exclusif destin\u00e9 aux leaders de la PI ax\u00e9 sur la strat\u00e9gie, l'innovation et le cycle de vie complet de la PI.","breadcrumb":{"@id":"https:\/\/www.computerpackages.com\/cpi-events\/intellectual-property-forum-2026\/#breadcrumb"},"inLanguage":"fr-FR","potentialAction":[{"@type":"ReadAction","target":["https:\/\/www.computerpackages.com\/cpi-events\/intellectual-property-forum-2026\/"]}]},{"@type":"ImageObject","inLanguage":"fr-FR","@id":"https:\/\/www.computerpackages.com\/cpi-events\/intellectual-property-forum-2026\/#primaryimage","url":"https:\/\/www.computerpackages.com\/wp-content\/uploads\/2026\/03\/Grand-Place-Brussels.webp","contentUrl":"https:\/\/www.computerpackages.com\/wp-content\/uploads\/2026\/03\/Grand-Place-Brussels.webp","width":740,"height":576},{"@type":"BreadcrumbList","@id":"https:\/\/www.computerpackages.com\/cpi-events\/intellectual-property-forum-2026\/#breadcrumb","itemListElement":[{"@type":"ListItem","position":1,"name":"Home","item":"https:\/\/www.computerpackages.com\/"},{"@type":"ListItem","position":2,"name":"Events","item":"https:\/\/www.computerpackages.com\/cpi-events\/"},{"@type":"ListItem","position":3,"name":"10th European Intellectual Property Forum"}]},{"@type":"WebSite","@id":"https:\/\/www.computerpackages.com\/#website","url":"https:\/\/www.computerpackages.com\/","name":"Computer Packages Inc.","description":"Au service de l'industrie de la propri\u00e9t\u00e9 intellectuelle depuis 1968","publisher":{"@id":"https:\/\/www.computerpackages.com\/#organization"},"potentialAction":[{"@type":"SearchAction","target":{"@type":"EntryPoint","urlTemplate":"https:\/\/www.computerpackages.com\/?s={search_term_string}"},"query-input":{"@type":"PropertyValueSpecification","valueRequired":true,"valueName":"search_term_string"}}],"inLanguage":"fr-FR"},{"@type":"Organization","@id":"https:\/\/www.computerpackages.com\/#organization","name":"Computer Packages Inc.","url":"https:\/\/www.computerpackages.com\/","logo":{"@type":"ImageObject","inLanguage":"fr-FR","@id":"https:\/\/www.computerpackages.com\/#\/schema\/logo\/image\/","url":"https:\/\/www.computerpackages.com\/wp-content\/uploads\/2025\/07\/CPI-Logo-Full-Color-Stacked-scaled-1.png","contentUrl":"https:\/\/www.computerpackages.com\/wp-content\/uploads\/2025\/07\/CPI-Logo-Full-Color-Stacked-scaled-1.png","width":1536,"height":512,"caption":"Computer Packages Inc."},"image":{"@id":"https:\/\/www.computerpackages.com\/#\/schema\/logo\/image\/"},"sameAs":["https:\/\/www.facebook.com\/ComputerPackagesInc","https:\/\/x.com\/CPI_1968","https:\/\/www.instagram.com\/computerpackagesinc","https:\/\/www.youtube.com\/@ComputerPackagesInc\u00a0","https:\/\/www.linkedin.com\/company\/computer-packages-inc"]}]}},"_links":{"self":[{"href":"https:\/\/www.computerpackages.com\/fr\/wp-json\/wp\/v2\/mec-events\/11020","targetHints":{"allow":["GET"]}}],"collection":[{"href":"https:\/\/www.computerpackages.com\/fr\/wp-json\/wp\/v2\/mec-events"}],"about":[{"href":"https:\/\/www.computerpackages.com\/fr\/wp-json\/wp\/v2\/types\/mec-events"}],"author":[{"embeddable":true,"href":"https:\/\/www.computerpackages.com\/fr\/wp-json\/wp\/v2\/users\/2"}],"replies":[{"embeddable":true,"href":"https:\/\/www.computerpackages.com\/fr\/wp-json\/wp\/v2\/comments?post=11020"}],"version-history":[{"count":2,"href":"https:\/\/www.computerpackages.com\/fr\/wp-json\/wp\/v2\/mec-events\/11020\/revisions"}],"predecessor-version":[{"id":11057,"href":"https:\/\/www.computerpackages.com\/fr\/wp-json\/wp\/v2\/mec-events\/11020\/revisions\/11057"}],"wp:featuredmedia":[{"embeddable":true,"href":"https:\/\/www.computerpackages.com\/fr\/wp-json\/wp\/v2\/media\/10112"}],"wp:attachment":[{"href":"https:\/\/www.computerpackages.com\/fr\/wp-json\/wp\/v2\/media?parent=11020"}],"wp:term":[{"taxonomy":"post_tag","embeddable":true,"href":"https:\/\/www.computerpackages.com\/fr\/wp-json\/wp\/v2\/tags?post=11020"},{"taxonomy":"mec_category","embeddable":true,"href":"https:\/\/www.computerpackages.com\/fr\/wp-json\/wp\/v2\/mec_category?post=11020"}],"curies":[{"name":"wp","href":"https:\/\/api.w.org\/{rel}","templated":true}]}}